{"id":487,"date":"2018-12-10T18:39:26","date_gmt":"2018-12-10T17:39:26","guid":{"rendered":"https:\/\/www.parishotelminerve.com\/chambres-hotel-minerve-paris\/"},"modified":"2025-11-04T15:55:26","modified_gmt":"2025-11-04T14:55:26","slug":"camere-hotel-minerve-paris","status":"publish","type":"page","link":"https:\/\/www.parishotelminerve.com\/it\/camere-hotel-minerve-paris\/","title":{"rendered":"Chambres"},"content":{"rendered":"<p>[vc_row css_animation=&#8221;&#8221; row_type=&#8221;row&#8221; use_row_as_full_screen_section=&#8221;no&#8221; type=&#8221;full_width&#8221; angled_section=&#8221;no&#8221; text_align=&#8221;left&#8221; background_image_as_pattern=&#8221;without_pattern&#8221; css=&#8221;.vc_custom_1544448491317{margin-bottom: 0px !important;padding-bottom: 0px !important;}&#8221; z_index=&#8221;&#8221;][vc_column][rev_slider_vc alias=&#8221;chambre-it&#8221;][\/vc_column][\/vc_row][vc_row css_animation=&#8221;&#8221; row_type=&#8221;row&#8221; use_row_as_full_screen_section=&#8221;no&#8221; type=&#8221;grid&#8221; angled_section=&#8221;no&#8221; text_align=&#8221;center&#8221; background_image_as_pattern=&#8221;without_pattern&#8221; padding_top=&#8221;50&#8243; z_index=&#8221;&#8221;][vc_column][vc_column_text]<\/p>\n<h1>LE CAMERE DELL&#8217;HOTEL MINERVE PARIGI<\/h1>\n<p>[\/vc_column_text][vc_empty_space height=&#8221;12px&#8221;][vc_separator type=&#8221;small&#8221; position=&#8221;center&#8221; color=&#8221;#95775d&#8221; thickness=&#8221;3&#8243; width=&#8221;150&#8243;][vc_empty_space height=&#8221;10px&#8221;][\/vc_column][\/vc_row][vc_row css_animation=&#8221;&#8221; row_type=&#8221;row&#8221; use_row_as_full_screen_section=&#8221;no&#8221; type=&#8221;grid&#8221; angled_section=&#8221;no&#8221; text_align=&#8221;center&#8221; background_image_as_pattern=&#8221;without_pattern&#8221; padding_top=&#8221;50&#8243; z_index=&#8221;&#8221; css=&#8221;.vc_custom_1544454746609{margin-top: 0px !important;padding-top: 0px !important;}&#8221;][vc_column width=&#8221;2\/3&#8243; offset=&#8221;vc_col-lg-offset-2 vc_col-md-offset-2 vc_col-xs-12&#8243;][vc_column_text]<\/p>\n<div style=\"text-align: justify;\">\n<p>Le nostre 54 camere presentano tutte un arredamento personalizzato, alcune sono anche spaziose, tutte dotate di docce o bagni con wc, asciugacapelli, TV satellitare, telefono.<\/p>\n<p>L&#8217;hotel \u00e8 dotato di connessione Internet Wi-Fi gratuita e di aria condizionata autonoma nelle camere e in tutto l&#8217;hotel.<\/p>\n<p>Alcune delle nostre camere affacciate sul cortile si aprono su un gigantesco affresco murale raffigurante un parco paesaggistico realizzato da un artista delle Belle Arti.<\/p>\n<p>L&#8217;hotel dispone di una camera PMR.<\/p>\n<p>Tassa di soggiorno: 5,53 euro\/persona\/giorno<\/p>\n<\/div>\n<p>[\/vc_column_text][\/vc_column][\/vc_row][vc_row css_animation=&#8221;&#8221; row_type=&#8221;row&#8221; use_row_as_full_screen_section=&#8221;yes&#8221; type=&#8221;full_width&#8221; angled_section=&#8221;no&#8221; text_align=&#8221;left&#8221; background_image_as_pattern=&#8221;without_pattern&#8221; padding_top=&#8221;50&#8243; z_index=&#8221;&#8221; css=&#8221;.vc_custom_1544451374989{margin-bottom: 30px !important;}&#8221;][vc_column width=&#8221;1\/2&#8243; css=&#8221;.vc_custom_1544500937758{padding-right: 20px !important;padding-left: 20px !important;}&#8221; offset=&#8221;vc_col-lg-3 vc_col-md-3 vc_col-xs-12&#8243;][vc_gallery interval=&#8221;5&#8243; images=&#8221;1593,1600,1607,1586&#8243; img_size=&#8221;full&#8221; onclick=&#8221;img_link_large&#8221; direction_nav=&#8221;no&#8221; control_nav=&#8221;no&#8221; css=&#8221;.vc_custom_1706086938841{margin-bottom: 0px !important;padding-bottom: 0px !important;}&#8221; el_class=&#8221;foobox&#8221;][vc_column_text css=&#8221;.vc_custom_1552925550931{margin-top: 10px !important;padding-top: 0px !important;}&#8221;]<\/p>\n<p style=\"text-align: center;\">SINGOLA<\/p>\n<p style=\"text-align: center;\">9 m\u00b2 \u2013 1 letto singolo 120 x 190 \u2013 1 pers.<\/p>\n<p>&nbsp;<\/p>\n<p style=\"text-align: center;\"><a  itemprop=\"url\" href=\"https:\/\/www.secure-hotel-booking.com\/Hotel-Minerve\/2QAV\/it?hotelId=21912\" target=\"_blank\"  class=\"qbutton  default\" style=\"border-radius: 0px;-moz-border-radius: 0px;-webkit-border-radius: 0px; \">PRENOTARE<i class=\"qode_icon_font_awesome fa fa-calendar qode_button_icon_element\" style=\"\" ><\/i><\/a><\/p>\n<p>[\/vc_column_text][\/vc_column][vc_column width=&#8221;1\/2&#8243; css=&#8221;.vc_custom_1544500926217{padding-right: 20px !important;padding-left: 20px !important;}&#8221; offset=&#8221;vc_col-lg-3 vc_col-md-3 vc_col-xs-12&#8243;][vc_gallery interval=&#8221;3&#8243; images=&#8221;1621,1614,1628,1635,1642,1649,1656,1663,1670,1677&#8243; img_size=&#8221;full&#8221; onclick=&#8221;img_link_large&#8221; direction_nav=&#8221;no&#8221; el_class=&#8221;foobox&#8221;][vc_column_text css=&#8221;.vc_custom_1552925572637{margin-top: 10px !important;padding-top: 0px !important;}&#8221;]<\/p>\n<p style=\"text-align: center;\">SINGOLA SUPERIOR<\/p>\n<p style=\"text-align: center;\">12 m\u00b2 \u2013 1 letto singolo 120 x 200 \u2013 1 pers.<\/p>\n<p>&nbsp;<\/p>\n<p style=\"text-align: center;\"><a  itemprop=\"url\" href=\"https:\/\/www.secure-hotel-booking.com\/Hotel-Minerve\/2QAV\/it?hotelId=21912\" target=\"_blank\"  class=\"qbutton  default\" style=\"border-radius: 0px;-moz-border-radius: 0px;-webkit-border-radius: 0px; \">PRENOTARE<i class=\"qode_icon_font_awesome fa fa-calendar qode_button_icon_element\" style=\"\" ><\/i><\/a><\/p>\n<p>[\/vc_column_text][\/vc_column][vc_column width=&#8221;1\/2&#8243; css=&#8221;.vc_custom_1544500914432{padding-right: 20px !important;padding-left: 20px !important;}&#8221; offset=&#8221;vc_col-lg-3 vc_col-md-3 vc_col-xs-12&#8243;][vc_gallery interval=&#8221;3&#8243; images=&#8221;1874,1888,1895,1881&#8243; img_size=&#8221;full&#8221; onclick=&#8221;img_link_large&#8221; direction_nav=&#8221;no&#8221; el_class=&#8221;foobox&#8221;][vc_column_text css=&#8221;.vc_custom_1552925586378{margin-top: 10px !important;padding-top: 0px !important;}&#8221;]<\/p>\n<p style=\"text-align: center;\">TWIN<\/p>\n<p style=\"text-align: center;\">12m\u00b2 \u2013 2 letti singoli 80 x 200 \u2013 2 pers.<\/p>\n<p>&nbsp;<\/p>\n<p style=\"text-align: center;\"><a  itemprop=\"url\" href=\"https:\/\/www.secure-hotel-booking.com\/Hotel-Minerve\/2QAV\/it?hotelId=21912\" target=\"_blank\"  class=\"qbutton  default\" style=\"border-radius: 0px;-moz-border-radius: 0px;-webkit-border-radius: 0px; \">PRENOTARE<i class=\"qode_icon_font_awesome fa fa-calendar qode_button_icon_element\" style=\"\" ><\/i><\/a><\/p>\n<p>[\/vc_column_text][\/vc_column][vc_column width=&#8221;1\/2&#8243; offset=&#8221;vc_col-lg-3 vc_col-md-3 vc_col-xs-12&#8243; css=&#8221;.vc_custom_1544501294041{padding-right: 20px !important;padding-left: 20px !important;}&#8221;][vc_gallery interval=&#8221;3&#8243; images=&#8221;1852,1859,1866,1789,1782,1796,1803,1810,1817,1824,1831,1838,1845&#8243; img_size=&#8221;full&#8221; onclick=&#8221;img_link_large&#8221; direction_nav=&#8221;no&#8221; el_class=&#8221;foobox&#8221;][vc_column_text css=&#8221;.vc_custom_1552925611043{margin-top: 10px !important;padding-top: 0px !important;}&#8221;]<\/p>\n<p style=\"text-align: center;\">TWIN SUPERIOR<\/p>\n<p style=\"text-align: center;\">14m\u00b2 \u2013 2 letti singoli 90 x 200 \u2013 2 pers.<\/p>\n<p>&nbsp;<\/p>\n<p style=\"text-align: center;\"><a  itemprop=\"url\" href=\"https:\/\/www.secure-hotel-booking.com\/Hotel-Minerve\/2QAV\/it?hotelId=21912\" target=\"_blank\"  class=\"qbutton  default\" style=\"border-radius: 0px;-moz-border-radius: 0px;-webkit-border-radius: 0px; \">PRENOTARE<i class=\"qode_icon_font_awesome fa fa-calendar qode_button_icon_element\" style=\"\" ><\/i><\/a><\/p>\n<p>[\/vc_column_text][\/vc_column][\/vc_row][vc_row css_animation=&#8221;&#8221; row_type=&#8221;row&#8221; use_row_as_full_screen_section=&#8221;yes&#8221; type=&#8221;full_width&#8221; angled_section=&#8221;no&#8221; text_align=&#8221;left&#8221; background_image_as_pattern=&#8221;without_pattern&#8221; padding_top=&#8221;50&#8243; z_index=&#8221;&#8221; css=&#8221;.vc_custom_1544502954643{margin-bottom: 70px !important;}&#8221;][vc_column width=&#8221;1\/2&#8243; css=&#8221;.vc_custom_1544500937758{padding-right: 20px !important;padding-left: 20px !important;}&#8221; offset=&#8221;vc_col-lg-3 vc_col-md-3 vc_col-xs-12&#8243;][vc_gallery interval=&#8221;5&#8243; images=&#8221;1684,1691,1698,1705,1719,1726,1733,1740,1747,1754,1761,1768,1775&#8243; img_size=&#8221;full&#8221; onclick=&#8221;img_link_large&#8221; direction_nav=&#8221;no&#8221; control_nav=&#8221;no&#8221; css=&#8221;.vc_custom_1706086971780{margin-bottom: 0px !important;padding-bottom: 0px !important;}&#8221; el_class=&#8221;foobox&#8221;][vc_column_text css=&#8221;.vc_custom_1552925642026{margin-top: 10px !important;padding-top: 0px !important;}&#8221;]<\/p>\n<p style=\"text-align: center;\">DOPPIA SUPERIOR<\/p>\n<p style=\"text-align: center;\">14 m\u00b2 \u2013 1 letto matrimoniale 150 x 190 \u2013 2 pers.<\/p>\n<p>&nbsp;<\/p>\n<p style=\"text-align: center;\"><a  itemprop=\"url\" href=\"https:\/\/www.secure-hotel-booking.com\/Hotel-Minerve\/2QAV\/it?hotelId=21912\" target=\"_blank\"  class=\"qbutton  default\" style=\"border-radius: 0px;-moz-border-radius: 0px;-webkit-border-radius: 0px; \">PRENOTARE<i class=\"qode_icon_font_awesome fa fa-calendar qode_button_icon_element\" style=\"\" ><\/i><\/a><\/p>\n<p>[\/vc_column_text][\/vc_column][vc_column width=&#8221;1\/2&#8243; css=&#8221;.vc_custom_1544500926217{padding-right: 20px !important;padding-left: 20px !important;}&#8221; offset=&#8221;vc_col-lg-3 vc_col-md-3 vc_col-xs-12&#8243;][vc_gallery interval=&#8221;3&#8243; images=&#8221;1537,1544,1551,1558,1565,1572,1579&#8243; img_size=&#8221;full&#8221; onclick=&#8221;img_link_large&#8221; direction_nav=&#8221;no&#8221; el_class=&#8221;foobox&#8221;][vc_column_text css=&#8221;.vc_custom_1552925656628{margin-top: 10px !important;padding-top: 0px !important;}&#8221;]<\/p>\n<p style=\"text-align: center;\">SUITE JUNIOR<\/p>\n<p style=\"text-align: center;\">15 m\u00b2 \u2013 1 letto matrimoniale 150 x 200 \u2013 2 pers.<\/p>\n<p>&nbsp;<\/p>\n<p style=\"text-align: center;\"><a  itemprop=\"url\" href=\"https:\/\/www.secure-hotel-booking.com\/Hotel-Minerve\/2QAV\/it?hotelId=21912\" target=\"_blank\"  class=\"qbutton  default\" style=\"border-radius: 0px;-moz-border-radius: 0px;-webkit-border-radius: 0px; \">PRENOTARE<i class=\"qode_icon_font_awesome fa fa-calendar qode_button_icon_element\" style=\"\" ><\/i><\/a><\/p>\n<p>[\/vc_column_text][\/vc_column][vc_column width=&#8221;1\/2&#8243; css=&#8221;.vc_custom_1544500914432{padding-right: 20px !important;padding-left: 20px !important;}&#8221; offset=&#8221;vc_col-lg-3 vc_col-md-3 vc_col-xs-12&#8243;][vc_gallery interval=&#8221;3&#8243; images=&#8221;1467,1460,1446,1439,1474,1481,1488,1495,1502,1509,1516,1523&#8243; img_size=&#8221;full&#8221; onclick=&#8221;img_link_large&#8221; direction_nav=&#8221;no&#8221; el_class=&#8221;foobox&#8221;][vc_column_text css=&#8221;.vc_custom_1552925669893{margin-top: 10px !important;padding-top: 0px !important;}&#8221;]<\/p>\n<p style=\"text-align: center;\">EXECUTIVE DESIGN<\/p>\n<p style=\"text-align: center;\">15m\u00b2 \u2013 1 letto matrimoniale 150 x 200 \u2013 2 pers.<\/p>\n<p>&nbsp;<\/p>\n<p style=\"text-align: center;\"><a  itemprop=\"url\" href=\"https:\/\/www.secure-hotel-booking.com\/Hotel-Minerve\/2QAV\/it?hotelId=21912\" target=\"_blank\"  class=\"qbutton  default\" style=\"border-radius: 0px;-moz-border-radius: 0px;-webkit-border-radius: 0px; \">PRENOTARE<i class=\"qode_icon_font_awesome fa fa-calendar qode_button_icon_element\" style=\"\" ><\/i><\/a><\/p>\n<p>[\/vc_column_text][\/vc_column][vc_column width=&#8221;1\/2&#8243; offset=&#8221;vc_col-lg-3 vc_col-md-3 vc_col-xs-12&#8243; css=&#8221;.vc_custom_1544501294041{padding-right: 20px !important;padding-left: 20px !important;}&#8221;][\/vc_column][\/vc_row]<\/p>\n","protected":false},"excerpt":{"rendered":"<p>[vc_row css_animation=&#8221;&#8221; row_type=&#8221;row&#8221; use_row_as_full_screen_section=&#8221;no&#8221; type=&#8221;full_width&#8221; angled_section=&#8221;no&#8221; text_align=&#8221;left&#8221; background_image_as_pattern=&#8221;without_pattern&#8221; css=&#8221;.vc_custom_1544448491317{margin-bottom: 0px !important;padding-bottom: 0px !important;}&#8221; z_index=&#8221;&#8221;][vc_column][rev_slider_vc alias=&#8221;chambre-it&#8221;][\/vc_column][\/vc_row][vc_row css_animation=&#8221;&#8221; row_type=&#8221;row&#8221; use_row_as_full_screen_section=&#8221;no&#8221; type=&#8221;grid&#8221; angled_section=&#8221;no&#8221; text_align=&#8221;center&#8221; background_image_as_pattern=&#8221;without_pattern&#8221; padding_top=&#8221;50&#8243; z_index=&#8221;&#8221;][vc_column][vc_column_text] LE CAMERE DELL&#8217;HOTEL MINERVE PARIGI [\/vc_column_text][vc_empty_space height=&#8221;12px&#8221;][vc_separator type=&#8221;small&#8221; position=&#8221;center&#8221; color=&#8221;#95775d&#8221; thickness=&#8221;3&#8243; width=&#8221;150&#8243;][vc_empty_space height=&#8221;10px&#8221;][\/vc_column][\/vc_row][vc_row css_animation=&#8221;&#8221; row_type=&#8221;row&#8221; use_row_as_full_screen_section=&#8221;no&#8221; type=&#8221;grid&#8221; angled_section=&#8221;no&#8221; text_align=&#8221;center&#8221; background_image_as_pattern=&#8221;without_pattern&#8221; padding_top=&#8221;50&#8243;&#8230;<\/p>\n","protected":false},"author":1,"featured_media":0,"parent":0,"menu_order":0,"comment_status":"closed","ping_status":"closed","template":"full_width.php","meta":{"footnotes":""},"yoast_head":"<!-- This site is optimized with the Yoast SEO plugin v21.8.1 - https:\/\/yoast.com\/wordpress\/plugins\/seo\/ -->\n<title>\u2192 Le camere dell&#039;hotel MINERVE nel cuore del quartiere latino di parigi<\/title>\n<meta name=\"description\" content=\"Le nostre camere presentano tutte un arredamento personalizzato, alcune sono anche spaziose, tutte dotate di docce o bagni con wc, asciugacapelli, Wifi.\" \/>\n<meta name=\"robots\" content=\"index, follow, max-snippet:-1, max-image-preview:large, max-video-preview:-1\" \/>\n<link rel=\"canonical\" href=\"https:\/\/www.parishotelminerve.com\/it\/camere-hotel-minerve-paris\/\" \/>\n<meta property=\"og:locale\" content=\"it_IT\" \/>\n<meta property=\"og:type\" content=\"article\" \/>\n<meta property=\"og:title\" content=\"\u2192 Le camere dell&#039;hotel MINERVE nel cuore del quartiere latino di parigi\" \/>\n<meta property=\"og:description\" content=\"Le nostre camere presentano tutte un arredamento personalizzato, alcune sono anche spaziose, tutte dotate di docce o bagni con wc, asciugacapelli, Wifi.\" \/>\n<meta property=\"og:url\" content=\"https:\/\/www.parishotelminerve.com\/it\/camere-hotel-minerve-paris\/\" \/>\n<meta property=\"og:site_name\" content=\"H\u00f4tel Minerve Paris\" \/>\n<meta property=\"article:modified_time\" content=\"2025-11-04T14:55:26+00:00\" \/>\n<meta name=\"twitter:card\" content=\"summary_large_image\" \/>\n<meta name=\"twitter:label1\" content=\"Tempo di lettura stimato\" \/>\n\t<meta name=\"twitter:data1\" content=\"3 minuti\" \/>\n<script type=\"application\/ld+json\" class=\"yoast-schema-graph\">{\"@context\":\"https:\/\/schema.org\",\"@graph\":[{\"@type\":\"WebPage\",\"@id\":\"https:\/\/www.parishotelminerve.com\/it\/camere-hotel-minerve-paris\/\",\"url\":\"https:\/\/www.parishotelminerve.com\/it\/camere-hotel-minerve-paris\/\",\"name\":\"\u2192 Le camere dell'hotel MINERVE nel cuore del quartiere latino di parigi\",\"isPartOf\":{\"@id\":\"https:\/\/www.parishotelminerve.com\/en\/#website\"},\"datePublished\":\"2018-12-10T17:39:26+00:00\",\"dateModified\":\"2025-11-04T14:55:26+00:00\",\"description\":\"Le nostre camere presentano tutte un arredamento personalizzato, alcune sono anche spaziose, tutte dotate di docce o bagni con wc, asciugacapelli, Wifi.\",\"breadcrumb\":{\"@id\":\"https:\/\/www.parishotelminerve.com\/it\/camere-hotel-minerve-paris\/#breadcrumb\"},\"inLanguage\":\"it-IT\",\"potentialAction\":[{\"@type\":\"ReadAction\",\"target\":[\"https:\/\/www.parishotelminerve.com\/it\/camere-hotel-minerve-paris\/\"]}]},{\"@type\":\"BreadcrumbList\",\"@id\":\"https:\/\/www.parishotelminerve.com\/it\/camere-hotel-minerve-paris\/#breadcrumb\",\"itemListElement\":[{\"@type\":\"ListItem\",\"position\":1,\"name\":\"Accueil\",\"item\":\"https:\/\/www.parishotelminerve.com\/it\/\"},{\"@type\":\"ListItem\",\"position\":2,\"name\":\"Chambres\"}]},{\"@type\":\"WebSite\",\"@id\":\"https:\/\/www.parishotelminerve.com\/en\/#website\",\"url\":\"https:\/\/www.parishotelminerve.com\/en\/\",\"name\":\"H\u00f4tel Minerve Paris\",\"description\":\"H\u00f4tel 3 \u00e9toiles de charme au coeur du quartier latin\",\"potentialAction\":[{\"@type\":\"SearchAction\",\"target\":{\"@type\":\"EntryPoint\",\"urlTemplate\":\"https:\/\/www.parishotelminerve.com\/en\/?s={search_term_string}\"},\"query-input\":\"required name=search_term_string\"}],\"inLanguage\":\"it-IT\"}]}<\/script>\n<!-- \/ Yoast SEO plugin. -->","yoast_head_json":{"title":"\u2192 Le camere dell'hotel MINERVE nel cuore del quartiere latino di parigi","description":"Le nostre camere presentano tutte un arredamento personalizzato, alcune sono anche spaziose, tutte dotate di docce o bagni con wc, asciugacapelli, Wifi.","robots":{"index":"index","follow":"follow","max-snippet":"max-snippet:-1","max-image-preview":"max-image-preview:large","max-video-preview":"max-video-preview:-1"},"canonical":"https:\/\/www.parishotelminerve.com\/it\/camere-hotel-minerve-paris\/","og_locale":"it_IT","og_type":"article","og_title":"\u2192 Le camere dell'hotel MINERVE nel cuore del quartiere latino di parigi","og_description":"Le nostre camere presentano tutte un arredamento personalizzato, alcune sono anche spaziose, tutte dotate di docce o bagni con wc, asciugacapelli, Wifi.","og_url":"https:\/\/www.parishotelminerve.com\/it\/camere-hotel-minerve-paris\/","og_site_name":"H\u00f4tel Minerve Paris","article_modified_time":"2025-11-04T14:55:26+00:00","twitter_card":"summary_large_image","twitter_misc":{"Tempo di lettura stimato":"3 minuti"},"schema":{"@context":"https:\/\/schema.org","@graph":[{"@type":"WebPage","@id":"https:\/\/www.parishotelminerve.com\/it\/camere-hotel-minerve-paris\/","url":"https:\/\/www.parishotelminerve.com\/it\/camere-hotel-minerve-paris\/","name":"\u2192 Le camere dell'hotel MINERVE nel cuore del quartiere latino di parigi","isPartOf":{"@id":"https:\/\/www.parishotelminerve.com\/en\/#website"},"datePublished":"2018-12-10T17:39:26+00:00","dateModified":"2025-11-04T14:55:26+00:00","description":"Le nostre camere presentano tutte un arredamento personalizzato, alcune sono anche spaziose, tutte dotate di docce o bagni con wc, asciugacapelli, Wifi.","breadcrumb":{"@id":"https:\/\/www.parishotelminerve.com\/it\/camere-hotel-minerve-paris\/#breadcrumb"},"inLanguage":"it-IT","potentialAction":[{"@type":"ReadAction","target":["https:\/\/www.parishotelminerve.com\/it\/camere-hotel-minerve-paris\/"]}]},{"@type":"BreadcrumbList","@id":"https:\/\/www.parishotelminerve.com\/it\/camere-hotel-minerve-paris\/#breadcrumb","itemListElement":[{"@type":"ListItem","position":1,"name":"Accueil","item":"https:\/\/www.parishotelminerve.com\/it\/"},{"@type":"ListItem","position":2,"name":"Chambres"}]},{"@type":"WebSite","@id":"https:\/\/www.parishotelminerve.com\/en\/#website","url":"https:\/\/www.parishotelminerve.com\/en\/","name":"H\u00f4tel Minerve Paris","description":"H\u00f4tel 3 \u00e9toiles de charme au coeur du quartier latin","potentialAction":[{"@type":"SearchAction","target":{"@type":"EntryPoint","urlTemplate":"https:\/\/www.parishotelminerve.com\/en\/?s={search_term_string}"},"query-input":"required name=search_term_string"}],"inLanguage":"it-IT"}]}},"_links":{"self":[{"href":"https:\/\/www.parishotelminerve.com\/it\/wp-json\/wp\/v2\/pages\/487"}],"collection":[{"href":"https:\/\/www.parishotelminerve.com\/it\/wp-json\/wp\/v2\/pages"}],"about":[{"href":"https:\/\/www.parishotelminerve.com\/it\/wp-json\/wp\/v2\/types\/page"}],"author":[{"embeddable":true,"href":"https:\/\/www.parishotelminerve.com\/it\/wp-json\/wp\/v2\/users\/1"}],"replies":[{"embeddable":true,"href":"https:\/\/www.parishotelminerve.com\/it\/wp-json\/wp\/v2\/comments?post=487"}],"version-history":[{"count":9,"href":"https:\/\/www.parishotelminerve.com\/it\/wp-json\/wp\/v2\/pages\/487\/revisions"}],"predecessor-version":[{"id":2218,"href":"https:\/\/www.parishotelminerve.com\/it\/wp-json\/wp\/v2\/pages\/487\/revisions\/2218"}],"wp:attachment":[{"href":"https:\/\/www.parishotelminerve.com\/it\/wp-json\/wp\/v2\/media?parent=487"}],"curies":[{"name":"wp","href":"https:\/\/api.w.org\/{rel}","templated":true}]}}